{"id":68,"date":"2020-08-29T08:02:26","date_gmt":"2020-08-29T08:02:26","guid":{"rendered":"https:\/\/lindenschule.online\/?page_id=68"},"modified":"2025-09-29T18:21:25","modified_gmt":"2025-09-29T18:21:25","slug":"sprechzeiten","status":"publish","type":"page","link":"https:\/\/lindenschule-schwandorf.de\/?page_id=68","title":{"rendered":"Sprechzeiten 2025\/26"},"content":{"rendered":"\n<figure class=\"wp-block-table is-style-regular\"><table class=\"has-fixed-layout\"><thead><tr><th><\/th><th>Zeit<\/th><th>Ort<\/th><\/tr><\/thead><tbody><tr><td>Allwang, Carola<\/td><td>nach Vereinbarung<\/td><td><\/td><\/tr><tr><td>Bauer, Philip<\/td><td>nach Vereinbarung<\/td><td><\/td><\/tr><tr><td>Bischoff, Katrin<\/td><td>Freitag, 8.30 &#8211; 09.15 Uhr<\/td><td>Elternsprechzimmer<\/td><\/tr><tr><td>Braun, Bettina<\/td><td>Dienstag, 10.15 &#8211; 11.00 Uhr<\/td><td>Elternsprechzimmer<\/td><\/tr><tr><td>Dobler, Susanne<\/td><td>Montag, 10.15 &#8211; 11.00 Uhr<\/td><td>Klassenzimmer<\/td><\/tr><tr><td>Drothler, Franziska<\/td><td>Freitag, 12.00 &#8211; 12.45 Uhr<\/td><td>Klassenzimmer<\/td><\/tr><tr><td>Glei\u00dfl, Doris<\/td><td>nach Vereinbarung<\/td><td><\/td><\/tr><tr><td>Gr\u00e4ml, Oliver<\/td><td>Freitag, 07.45 &#8211; 08.30 Uhr<\/td><td>B\u00fcro<\/td><\/tr><tr><td>Hauenstein, Karin<\/td><td>nach Vereinbarung<\/td><td><\/td><\/tr><tr><td>Helfer, Martina<\/td><td>Dienstag, 12.00 &#8211; 12.45 Uhr<\/td><td>Sprechzimmer<\/td><\/tr><tr><td>Hien, Andrea<\/td><td>nach Vereinbarung<\/td><td><\/td><\/tr><tr><td>Pr\u00fcfling, Milena<\/td><td>Donnerstag, 12.45 &#8211; 13.30      Uhr<\/td><td>Klassenzimmer<\/td><\/tr><tr><td>Schindler, Anja<\/td><td>nach Vereinbarung<\/td><td><\/td><\/tr><tr><td>Schinko, Andreas<\/td><td>nach Vereinbarung<\/td><td><\/td><\/tr><tr><td>Schmitt, Daniela<\/td><td>Montag, 12.45 &#8211; 13.30 Uhr<\/td><td>Klassenzimmer<\/td><\/tr><tr><td>Sommer, Doris<\/td><td>Mittwoch, 11.15 &#8211; 12.00 Uhr<\/td><td>Sprechzimmer<\/td><\/tr><tr><td>Stegmann, Mira<\/td><td>nach Vereinbarung<\/td><td><\/td><\/tr><tr><td>St\u00fcmpfl, Sandra<\/td><td>Dienstag, 09.30 &#8211; 10.15 Uhr<\/td><td>Sprechzimmer<\/td><\/tr><tr><td>Thum, Leonie<\/td><td>Freitag, 09.30 &#8211; 10.15 Uhr<\/td><td>Klassenzimmer<\/td><\/tr><tr><td>Vierl, Edeltraud<\/td><td>nach Vereinbarung<\/td><td><\/td><\/tr><tr><td>Werner, Anna Lena<\/td><td>Mittwoch, 12.45 &#8211; 13.30 Uhr<\/td><td>Klassenzimmer<\/td><\/tr><\/tbody><\/table><\/figure>\n\n\n<\/p>\n<p><!-- \/wp:post-content --><\/p>\n<p><!-- wp:paragraph --><\/p>\n<p><!-- \/wp:paragraph --><\/p>\n\n<!-- wp:paragraph -->\n<p><\/p>\n<!-- \/wp:paragraph -->","protected":false},"excerpt":{"rendered":"<p>Zeit Ort Allwang, Carola nach Vereinbarung Bauer, Philip nach Vereinbarung Bischoff, Katrin Freitag, 8.30 &#8211; 09.15 Uhr Elternsprechzimmer Braun, Bettina Dienstag, 10.15 &#8211; 11.00 Uhr Elternsprechzimmer Dobler, Susanne Montag, 10.15 &#8211; 11.00 Uhr Klassenzimmer Drothler, Franziska Freitag, 12.00 &#8211; 12.45 Uhr Klassenzimmer Glei\u00dfl, Doris nach Vereinbarung Gr\u00e4ml, Oliver Freitag, 07.45 &#8211; 08.30 Uhr B\u00fcro Hauenstein, &hellip; <\/p>\n<p class=\"link-more\"><a href=\"https:\/\/lindenschule-schwandorf.de\/?page_id=68\" class=\"more-link\"><span class=\"screen-reader-text\">\u201eSprechzeiten 2025\/26\u201c<\/span> weiterlesen<\/a><\/p>\n","protected":false},"author":1,"featured_media":0,"parent":0,"menu_order":0,"comment_status":"closed","ping_status":"closed","template":"","meta":{"footnotes":""},"class_list":["post-68","page","type-page","status-publish","hentry"],"_links":{"self":[{"href":"https:\/\/lindenschule-schwandorf.de\/index.php?rest_route=\/wp\/v2\/pages\/68","targetHints":{"allow":["GET"]}}],"collection":[{"href":"https:\/\/lindenschule-schwandorf.de\/index.php?rest_route=\/wp\/v2\/pages"}],"about":[{"href":"https:\/\/lindenschule-schwandorf.de\/index.php?rest_route=\/wp\/v2\/types\/page"}],"author":[{"embeddable":true,"href":"https:\/\/lindenschule-schwandorf.de\/index.php?rest_route=\/wp\/v2\/users\/1"}],"replies":[{"embeddable":true,"href":"https:\/\/lindenschule-schwandorf.de\/index.php?rest_route=%2Fwp%2Fv2%2Fcomments&post=68"}],"version-history":[{"count":78,"href":"https:\/\/lindenschule-schwandorf.de\/index.php?rest_route=\/wp\/v2\/pages\/68\/revisions"}],"predecessor-version":[{"id":2899,"href":"https:\/\/lindenschule-schwandorf.de\/index.php?rest_route=\/wp\/v2\/pages\/68\/revisions\/2899"}],"wp:attachment":[{"href":"https:\/\/lindenschule-schwandorf.de\/index.php?rest_route=%2Fwp%2Fv2%2Fmedia&parent=68"}],"curies":[{"name":"wp","href":"https:\/\/api.w.org\/{rel}","templated":true}]}}